{"id":19314,"date":"2024-11-07T16:01:33","date_gmt":"2024-11-07T15:01:33","guid":{"rendered":"https:\/\/www.mije.com\/?page_id=19314"},"modified":"2025-09-03T18:30:10","modified_gmt":"2025-09-03T16:30:10","slug":"association-mije-new-marque","status":"publish","type":"page","link":"https:\/\/www.mije.com\/en\/mije-association","title":{"rendered":"About MIJE Association"},"content":{"rendered":"<section class=\"wpb-content-wrapper\"><p>[vc_row][vc_column]<div class=\"mije_gt_30\"><h1>Discover MIJE association<\/h1><\/div>[\/vc_column][\/vc_row][vc_row][vc_column][vc_single_image image=&#8221;18903&#8243; img_size=&#8221;full&#8221; alignment=&#8221;center&#8221;][\/vc_column][\/vc_row][vc_row][vc_column]<h2 class=\"mije_sts_25\">Our story<\/h2>[vc_empty_space][vc_column_text]<strong>The MIJE association<\/strong> was founded in the Paris suburbs in the aftermath of the Second World War.<\/p>\n<p>Motivated by the idea of \u2018never again\u2019, <strong>Pierre Tessier,<\/strong> founder of the youth centre in Sarcelles, decided to work with teachers to<strong> open young people&#8217;s minds to other people and other places<\/strong>.<\/p>\n<p>His idea was to <strong>take schools out of the classroom<\/strong> and guide young people in <strong>their discovery of the world<\/strong> and of others. It was in Greece, the cradle of European culture, that the project took shape with the first accommodation: 200 low-cost beds open to all, just a stone&#8217;s throw from the Acropolis.<\/p>\n<p>In 1958, Pierre Tessier set up MIJE as a<strong>non-profit-making association under the law of 1901,<\/strong> to provide an educational and cultural framework for these youth trips. Since then, the association &#8211;<strong> recognised as a public utility<\/strong> in 1970 &#8211; has never stopped growing: it now has <strong>3 youth hostels in Paris and organises over 1,850 school trips every year.<\/strong><\/p>\n<p>[\/vc_column_text]<div class=\"bloc_double_image_text row\"><div class=\"col-md-12 text-right\"><a class=\"default\" href=\"https:\/\/www.mije.com\/en\/mije-association\/history\" target=\"\">Discover our key dates<\/a><\/div><\/div>[\/vc_column][\/vc_row][vc_row][vc_column]<h2 class=\"mije_sts_25\">Our values<\/h2>[\/vc_column][\/vc_row][vc_row gap=&#8221;20&#8243;][vc_column width=&#8221;1\/3&#8243; css=&#8221;.vc_custom_1724343490623{padding-top: 5px !important;padding-right: 5px !important;padding-bottom: 5px !important;padding-left: 5px !important;border-radius: 10px !important;}&#8221;][vc_wp_text][\/vc_wp_text][vc_empty_space][\/vc_column][vc_column width=&#8221;1\/3&#8243; css=&#8221;.vc_custom_1724343592031{padding-top: 10px !important;padding-right: 10px !important;padding-bottom: 10px !important;padding-left: 10px !important;}&#8221;][vc_wp_text][\/vc_wp_text][vc_empty_space][\/vc_column][vc_column width=&#8221;1\/3&#8243; css=&#8221;.vc_custom_1724343526081{border-left-width: 5px !important;padding-top: 5px !important;padding-right: 5px !important;padding-bottom: 5px !important;}&#8221;][vc_wp_text][\/vc_wp_text][vc_empty_space][\/vc_column][\/vc_row][vc_row][vc_column width=&#8221;1\/3&#8243; css=&#8221;.vc_custom_1724423517018{padding-right: 10px !important;padding-left: 10px !important;}&#8221;]<div class=\"bloc bloc_c\"><img decoding=\"async\" src=\"https:\/\/www.mije.com\/wp-content\/themes\/travelwp-child\/assets\/icon\/chevron_red.svg\"><h2>Cultivating openness<\/h2><div class=\"content\"><ul>\n<li>At MIJE, we have a responsibility to provide young people with a real openness to the world and to others. Our teams are also committed to encouraging initiative, listening and inclusion.<\/li>\n<\/ul>\n<\/div><\/div>[vc_empty_space][\/vc_column][vc_column width=&#8221;1\/3&#8243; css=&#8221;.vc_custom_1724423527293{padding-right: 10px !important;padding-left: 10px !important;}&#8221;]<div class=\"bloc bloc_c\"><img decoding=\"async\" src=\"https:\/\/www.mije.com\/wp-content\/themes\/travelwp-child\/assets\/icon\/chevron_red.svg\"><h2>Growing together<\/h2><div class=\"content\"><ul>\n<li>Mutual support, curiosity and team spirit are at the heart of our association&#8217;s DNA. So we see each trip as a collaborative project with teachers and young people. With them, as with our colleagues, we give priority to co-construction.<\/li>\n<\/ul>\n<\/div><\/div>[vc_empty_space][\/vc_column][vc_column width=&#8221;1\/3&#8243; css=&#8221;.vc_custom_1724423540053{padding-right: 10px !important;padding-left: 10px !important;}&#8221;]<div class=\"bloc bloc_c\"><img decoding=\"async\" src=\"https:\/\/www.mije.com\/wp-content\/themes\/travelwp-child\/assets\/icon\/chevron_red.svg\"><h2>Giving the best of yourself<\/h2><div class=\"content\"><ul>\n<li>Proud of the trust placed in us by teachers, we are committed to working alongside them to offer our young travellers the best possible experience at the right price.<\/li>\n<\/ul>\n<\/div><\/div>[vc_empty_space][\/vc_column][\/vc_row][vc_row][vc_column][vc_empty_space]<h2 class=\"mije_sts_25\">Our reason for being<\/h2>[vc_empty_space]<div class=\"bloc redborderboldtext\"><h3 style=\"text-align: center;\">Our vision\u00a0 \u00a0 \u00a0\u00a0<img decoding=\"async\" class=\"icon alignnone wp-image-19801\" src=\"https:\/\/www.mije.com\/wp-content\/uploads\/2024\/08\/Pictos_DP_Loupe_Evidee-1.png\" alt=\"\" width=\"70\" height=\"70\" srcset=\"https:\/\/www.mije.com\/wp-content\/uploads\/2024\/08\/Pictos_DP_Loupe_Evidee-1.png 400w, https:\/\/www.mije.com\/wp-content\/uploads\/2024\/08\/Pictos_DP_Loupe_Evidee-1-150x150.png 150w\" sizes=\"(max-width: 70px) 100vw, 70px\" \/><\/h3>\n<p>AT MIJE, WE ARE CONVINCED OF THE NEED TO<strong>OPEN UP TO THE WORLD<\/strong> AND TO<strong>EACH<\/strong> OTHER<\/p>\n<p>TO COMBAT INWARD-LOOKING ATTITUDES AND PROMOTE SOCIAL PROGRESS.<\/p>\n<p>FROM EXPERIENCE, WE KNOW THAT<strong> EDUCATIONAL MOBILITY<\/strong> IS AN ESSENTIAL MEANS OF ACHIEVING THIS.<\/p>\n<\/div>[vc_empty_space][\/vc_column][\/vc_row][vc_row][vc_column width=&#8221;2\/6&#8243;][vc_single_image image=&#8221;19790&#8243; img_size=&#8221;370&#215;260&#8243; alignment=&#8221;center&#8221; onclick=&#8221;custom_link&#8221; img_link_target=&#8221;_blank&#8221; link=&#8221;https:\/\/www.calameo.com\/association-mije\/read\/00602071721fc4d8ad667?authid=j0UrNXXfnrgR&#8221;][\/vc_column][vc_column width=&#8221;4\/6&#8243;][vc_column_text css_animation=&#8221;none&#8221; css=&#8221;.vc_custom_1730999616134{margin-top: 10px !important;margin-left: 30px !important;}&#8221;]<\/p>\n<h3><img decoding=\"async\" class=\"icon alignright wp-image-19791\" src=\"https:\/\/www.mije.com\/wp-content\/uploads\/2024\/08\/Pictos_DP_Cible.png\" alt=\"Mission MIJE\" width=\"120\" height=\"120\" srcset=\"https:\/\/www.mije.com\/wp-content\/uploads\/2024\/08\/Pictos_DP_Cible.png 400w, https:\/\/www.mije.com\/wp-content\/uploads\/2024\/08\/Pictos_DP_Cible-150x150.png 150w\" sizes=\"(max-width: 120px) 100vw, 120px\" \/><\/h3>\n<h3><\/h3>\n<h3><\/h3>\n<h3><\/h3>\n<h3><\/h3>\n<h3><strong>Our mision<\/strong><\/h3>\n<p>TO OPEN UP<strong>NEW HORIZONS TO YOUNG PEOPLE<\/strong> THROUGH <strong>EDUCATIONAL TRAVEL<\/strong>,<\/p>\n<p>TO HELP THEM <strong>DEVELOP<\/strong> AND BUILD<strong> A FAIRER, MORE CARING WORLD.<\/strong>[\/vc_column_text][\/vc_column][\/vc_row][vc_row][vc_column][vc_empty_space]<div class=\"bloc_double_image_text row\"><div class=\"col-md-12 text-right\"><a class=\"grey_button\" href=\"https:\/\/www.mije.com\/en\/mije-association\/our-commitments\" target=\"\">Discover the 3 pillars of our commitments<\/a><\/div><\/div>[\/vc_column][\/vc_row][vc_row][vc_column][vc_wp_text][\/vc_wp_text][\/vc_column][\/vc_row][vc_row][vc_column]<h2 class=\"mije_sts_25\">The MIJE&#039;s associative and educational projects<\/h2>[vc_empty_space][\/vc_column][\/vc_row][vc_row][vc_column width=&#8221;2\/6&#8243;][vc_single_image image=&#8221;18288&#8243; img_size=&#8221;370&#215;260&#8243; alignment=&#8221;center&#8221; onclick=&#8221;custom_link&#8221; img_link_target=&#8221;_blank&#8221; link=&#8221;https:\/\/www.calameo.com\/association-mije\/read\/00602071721fc4d8ad667?authid=j0UrNXXfnrgR&#8221;][\/vc_column][vc_column width=&#8221;4\/6&#8243;][vc_column_text css_animation=&#8221;none&#8221; css=&#8221;.vc_custom_1730999998879{margin-top: 10px !important;margin-left: 30px !important;}&#8221;]<\/p>\n<h3><strong>Our association project<\/strong><\/h3>\n<p>In the 1950s, teachers at the Sarcelles secondary school and the Ezanville youth centre introduced new ideas about education: discovering the world and other people helps to shape minds and awaken curiosity.<\/p>\n<p><span>\u201c<\/span>Travelling is about growing up. It&#8217;s the great adventure. The one that leaves its mark on the soul.<span>\u201d<\/span><\/p>\n<p><strong>Marc Thiercelin \u2013 Skipper professionnel<\/strong>[\/vc_column_text]<div class=\"bloc_double_image_text row\"><div class=\"col-md-12 text-right\"><a class=\"grey_button\" href=\"https:\/\/www.calameo.com\/association-mije\/read\/00602071721fc4d8ad667?authid=j0UrNXXfnrgR\" target=\"_blank\">Consult our association project<\/a><\/div><\/div>[\/vc_column][\/vc_row][vc_row][vc_column width=&#8221;2\/6&#8243;][vc_single_image image=&#8221;18290&#8243; img_size=&#8221;370&#215;260&#8243; alignment=&#8221;center&#8221; onclick=&#8221;custom_link&#8221; img_link_target=&#8221;_blank&#8221; link=&#8221;https:\/\/www.calameo.com\/association-mije\/read\/0060207171bbe531a2593?authid=A1AJ7PPrMv96&#8243;][\/vc_column][vc_column width=&#8221;4\/6&#8243;][vc_column_text css=&#8221;.vc_custom_1731000041873{margin-top: 10px !important;margin-left: 30px !important;}&#8221;]<\/p>\n<h3><strong>Our educational project<\/strong><\/h3>\n<p>\u2018Educational trips open people&#8217;s minds, help combat racism, anti-Semitism and xenophobia, develop a spirit of openness to others, and enable people to see differences so that they can better understand and accept them. Our aim is for every young person to find his or her place in society.<\/p>\n<p><strong>Andr\u00e9 Auriant &#8211; Statement made at the General Meeting in June 2008.<\/strong>[\/vc_column_text]<div class=\"bloc_double_image_text row\"><div class=\"col-md-12 text-right\"><a class=\"grey_button\" href=\"https:\/\/www.calameo.com\/association-mije\/read\/0060207171bbe531a2593?authid=A1AJ7PPrMv96\" target=\"_blank\">Consult our educational project<\/a><\/div><\/div>[\/vc_column][\/vc_row][vc_row][vc_column]<h2 class=\"mije_sts_25\">Team and key figures<\/h2>[\/vc_column][\/vc_row][vc_row][vc_column][vc_empty_space][vc_column_text]<\/p>\n<p data-start=\"0\" data-end=\"273\">The MIJE association is part of the Social and Solidarity Economy. Its organization is structured around three bodies: the Board of Directors, composed of volunteers and chaired by Anne Patronoff, elected in June 2024, the Executive Committee, and the Thematic Commissions.<\/p>\n<p data-start=\"275\" data-end=\"517\">Led by its General Delegate, R\u00e9my Vernay, the committed team of employees develops the two main activities of the MIJE association: organizing <a href=\"https:\/\/www.mije.com\/voyage-scolaire\">educational school trips<\/a> and youth <a href=\"https:\/\/www.mije.com\/en\/youth-hostel-in-paris\">hostels<\/a> for young people in the Marais district.<\/p>\n<p data-start=\"519\" data-end=\"676\" data-is-last-node=\"\">MIJE welcomes groups to Paris and organizes trips across France and Europe for nearly 2,000 groups each year, representing approximately 80,000 young people.<\/p>\n<p>[\/vc_column_text][\/vc_column][\/vc_row][vc_row][vc_column][vc_single_image image=&#8221;21845&#8243; img_size=&#8221;1104&#215;400&#8243; alignment=&#8221;center&#8221;][\/vc_column][\/vc_row][vc_row][vc_column][vc_empty_space][\/vc_column][\/vc_row][vc_row][vc_column]<div class=\"bloc_double_image_text row\"><div class=\"col-md-12 text-right\"><a class=\"grey_button\" href=\"https:\/\/www.mije.com\/en\/mije-association\/history\" target=\"_blank\">Find out more about the history of the MIJE association<\/a><\/div><\/div>[\/vc_column][\/vc_row]<\/p>\n<\/section>","protected":false},"excerpt":{"rendered":"<p>[vc_row][vc_column][\/vc_column][\/vc_row][vc_row][vc_column][vc_single_image image=&#8221;18903&#8243; img_size=&#8221;full&#8221; alignment=&#8221;center&#8221;][\/vc_column][\/vc_row][vc_row][vc_column][vc_empty_space][vc_column_text]The MIJE association was founded in the Paris suburbs in the aftermath of the Second World War. Motivated by the idea of \u2018never again\u2019, Pierre Tessier, founder of the youth centre in Sarcelles, decided to work with teachers to open young people&#8217;s minds to other people and other places. His idea was [&hellip;]<\/p>\n","protected":false},"author":2,"featured_media":14236,"parent":0,"menu_order":0,"comment_status":"closed","ping_status":"closed","template":"","meta":{"_acf_changed":false,"footnotes":""},"class_list":["post-19314","page","type-page","status-publish","has-post-thumbnail","hentry"],"acf":[],"yoast_head":"<!-- This site is optimized with the Yoast SEO Premium plugin v25.1 (Yoast SEO v25.1) - https:\/\/yoast.com\/wordpress\/plugins\/seo\/ -->\n<title>L&#039;association MIJE : Expert en mobilit\u00e9 \u00e9ducative,<\/title>\n<meta name=\"description\" content=\"L&#039;association MIJE a 3 engagements forts au sein l&#039;\u00e9ducation populaire #La mobilit\u00e9 \u00e9ducative, #L&#039;\u00e9coresponsabilit\u00e9 #L&#039;inclusivit\u00e9\" \/>\n<meta name=\"robots\" content=\"index, nofollow, max-snippet:-1, max-image-preview:large, max-video-preview:-1\" \/>\n<link rel=\"canonical\" href=\"https:\/\/www.mije.com\/en\/mije-association\" \/>\n<meta property=\"og:locale\" content=\"en_US\" \/>\n<meta property=\"og:type\" content=\"article\" \/>\n<meta property=\"og:title\" content=\"About MIJE Association\" \/>\n<meta property=\"og:description\" content=\"L&#039;association MIJE a 3 engagements forts au sein l&#039;\u00e9ducation populaire #La mobilit\u00e9 \u00e9ducative, #L&#039;\u00e9coresponsabilit\u00e9 #L&#039;inclusivit\u00e9\" \/>\n<meta property=\"og:url\" content=\"https:\/\/www.mije.com\/en\/mije-association\" \/>\n<meta property=\"og:site_name\" content=\"Association MIJE\" \/>\n<meta property=\"article:modified_time\" content=\"2025-09-03T16:30:10+00:00\" \/>\n<meta property=\"og:image\" content=\"https:\/\/www.mije.com\/wp-content\/uploads\/2022\/01\/817A1017.jpg\" \/>\n\t<meta property=\"og:image:width\" content=\"1600\" \/>\n\t<meta property=\"og:image:height\" content=\"1067\" \/>\n\t<meta property=\"og:image:type\" content=\"image\/jpeg\" \/>\n<meta name=\"twitter:card\" content=\"summary_large_image\" \/>\n<meta name=\"twitter:label1\" content=\"Est. reading time\" \/>\n\t<meta name=\"twitter:data1\" content=\"6 minutes\" \/>\n<script type=\"application\/ld+json\" class=\"yoast-schema-graph\">{\"@context\":\"https:\/\/schema.org\",\"@graph\":[{\"@type\":\"WebPage\",\"@id\":\"https:\/\/www.mije.com\/en\/mije-association\",\"url\":\"https:\/\/www.mije.com\/en\/mije-association\",\"name\":\"L'association MIJE : Expert en mobilit\u00e9 \u00e9ducative,\",\"isPartOf\":{\"@id\":\"https:\/\/www.mije.com\/en\/#website\"},\"primaryImageOfPage\":{\"@id\":\"https:\/\/www.mije.com\/en\/mije-association#primaryimage\"},\"image\":{\"@id\":\"https:\/\/www.mije.com\/en\/mije-association#primaryimage\"},\"thumbnailUrl\":\"https:\/\/www.mije.com\/wp-content\/uploads\/2022\/01\/817A1017.jpg\",\"datePublished\":\"2024-11-07T15:01:33+00:00\",\"dateModified\":\"2025-09-03T16:30:10+00:00\",\"description\":\"L'association MIJE a 3 engagements forts au sein l'\u00e9ducation populaire #La mobilit\u00e9 \u00e9ducative, #L'\u00e9coresponsabilit\u00e9 #L'inclusivit\u00e9\",\"breadcrumb\":{\"@id\":\"https:\/\/www.mije.com\/en\/mije-association#breadcrumb\"},\"inLanguage\":\"en-US\",\"potentialAction\":[{\"@type\":\"ReadAction\",\"target\":[\"https:\/\/www.mije.com\/en\/mije-association\"]}]},{\"@type\":\"ImageObject\",\"inLanguage\":\"en-US\",\"@id\":\"https:\/\/www.mije.com\/en\/mije-association#primaryimage\",\"url\":\"https:\/\/www.mije.com\/wp-content\/uploads\/2022\/01\/817A1017.jpg\",\"contentUrl\":\"https:\/\/www.mije.com\/wp-content\/uploads\/2022\/01\/817A1017.jpg\",\"width\":1600,\"height\":1067,\"caption\":\"Equipe MIJE 2021\"},{\"@type\":\"BreadcrumbList\",\"@id\":\"https:\/\/www.mije.com\/en\/mije-association#breadcrumb\",\"itemListElement\":[{\"@type\":\"ListItem\",\"position\":1,\"name\":\"Accueil\",\"item\":\"https:\/\/www.mije.com\/en\"},{\"@type\":\"ListItem\",\"position\":2,\"name\":\"About MIJE Association\"}]},{\"@type\":\"WebSite\",\"@id\":\"https:\/\/www.mije.com\/en\/#website\",\"url\":\"https:\/\/www.mije.com\/en\/\",\"name\":\"Association MIJE\",\"description\":\"Voyages scolaires et auberges de jeunesse \u00e0 Paris\",\"publisher\":{\"@id\":\"https:\/\/www.mije.com\/en\/#organization\"},\"potentialAction\":[{\"@type\":\"SearchAction\",\"target\":{\"@type\":\"EntryPoint\",\"urlTemplate\":\"https:\/\/www.mije.com\/en\/?s={search_term_string}\"},\"query-input\":{\"@type\":\"PropertyValueSpecification\",\"valueRequired\":true,\"valueName\":\"search_term_string\"}}],\"inLanguage\":\"en-US\"},{\"@type\":\"Organization\",\"@id\":\"https:\/\/www.mije.com\/en\/#organization\",\"name\":\"MIJE Association\",\"url\":\"https:\/\/www.mije.com\/en\/\",\"logo\":{\"@type\":\"ImageObject\",\"inLanguage\":\"en-US\",\"@id\":\"https:\/\/www.mije.com\/en\/#\/schema\/logo\/image\/\",\"url\":\"https:\/\/www.mije.com\/wp-content\/uploads\/2020\/03\/logo.png\",\"contentUrl\":\"https:\/\/www.mije.com\/wp-content\/uploads\/2020\/03\/logo.png\",\"width\":450,\"height\":191,\"caption\":\"MIJE Association\"},\"image\":{\"@id\":\"https:\/\/www.mije.com\/en\/#\/schema\/logo\/image\/\"}}]}<\/script>\n<!-- \/ Yoast SEO Premium plugin. -->","yoast_head_json":{"title":"L'association MIJE : Expert en mobilit\u00e9 \u00e9ducative,","description":"L'association MIJE a 3 engagements forts au sein l'\u00e9ducation populaire #La mobilit\u00e9 \u00e9ducative, #L'\u00e9coresponsabilit\u00e9 #L'inclusivit\u00e9","robots":{"index":"index","follow":"nofollow","max-snippet":"max-snippet:-1","max-image-preview":"max-image-preview:large","max-video-preview":"max-video-preview:-1"},"canonical":"https:\/\/www.mije.com\/en\/mije-association","og_locale":"en_US","og_type":"article","og_title":"About MIJE Association","og_description":"L'association MIJE a 3 engagements forts au sein l'\u00e9ducation populaire #La mobilit\u00e9 \u00e9ducative, #L'\u00e9coresponsabilit\u00e9 #L'inclusivit\u00e9","og_url":"https:\/\/www.mije.com\/en\/mije-association","og_site_name":"Association MIJE","article_modified_time":"2025-09-03T16:30:10+00:00","og_image":[{"width":1600,"height":1067,"url":"https:\/\/www.mije.com\/wp-content\/uploads\/2022\/01\/817A1017.jpg","type":"image\/jpeg"}],"twitter_card":"summary_large_image","twitter_misc":{"Est. reading time":"6 minutes"},"schema":{"@context":"https:\/\/schema.org","@graph":[{"@type":"WebPage","@id":"https:\/\/www.mije.com\/en\/mije-association","url":"https:\/\/www.mije.com\/en\/mije-association","name":"L'association MIJE : Expert en mobilit\u00e9 \u00e9ducative,","isPartOf":{"@id":"https:\/\/www.mije.com\/en\/#website"},"primaryImageOfPage":{"@id":"https:\/\/www.mije.com\/en\/mije-association#primaryimage"},"image":{"@id":"https:\/\/www.mije.com\/en\/mije-association#primaryimage"},"thumbnailUrl":"https:\/\/www.mije.com\/wp-content\/uploads\/2022\/01\/817A1017.jpg","datePublished":"2024-11-07T15:01:33+00:00","dateModified":"2025-09-03T16:30:10+00:00","description":"L'association MIJE a 3 engagements forts au sein l'\u00e9ducation populaire #La mobilit\u00e9 \u00e9ducative, #L'\u00e9coresponsabilit\u00e9 #L'inclusivit\u00e9","breadcrumb":{"@id":"https:\/\/www.mije.com\/en\/mije-association#breadcrumb"},"inLanguage":"en-US","potentialAction":[{"@type":"ReadAction","target":["https:\/\/www.mije.com\/en\/mije-association"]}]},{"@type":"ImageObject","inLanguage":"en-US","@id":"https:\/\/www.mije.com\/en\/mije-association#primaryimage","url":"https:\/\/www.mije.com\/wp-content\/uploads\/2022\/01\/817A1017.jpg","contentUrl":"https:\/\/www.mije.com\/wp-content\/uploads\/2022\/01\/817A1017.jpg","width":1600,"height":1067,"caption":"Equipe MIJE 2021"},{"@type":"BreadcrumbList","@id":"https:\/\/www.mije.com\/en\/mije-association#breadcrumb","itemListElement":[{"@type":"ListItem","position":1,"name":"Accueil","item":"https:\/\/www.mije.com\/en"},{"@type":"ListItem","position":2,"name":"About MIJE Association"}]},{"@type":"WebSite","@id":"https:\/\/www.mije.com\/en\/#website","url":"https:\/\/www.mije.com\/en\/","name":"Association MIJE","description":"Voyages scolaires et auberges de jeunesse \u00e0 Paris","publisher":{"@id":"https:\/\/www.mije.com\/en\/#organization"},"potentialAction":[{"@type":"SearchAction","target":{"@type":"EntryPoint","urlTemplate":"https:\/\/www.mije.com\/en\/?s={search_term_string}"},"query-input":{"@type":"PropertyValueSpecification","valueRequired":true,"valueName":"search_term_string"}}],"inLanguage":"en-US"},{"@type":"Organization","@id":"https:\/\/www.mije.com\/en\/#organization","name":"MIJE Association","url":"https:\/\/www.mije.com\/en\/","logo":{"@type":"ImageObject","inLanguage":"en-US","@id":"https:\/\/www.mije.com\/en\/#\/schema\/logo\/image\/","url":"https:\/\/www.mije.com\/wp-content\/uploads\/2020\/03\/logo.png","contentUrl":"https:\/\/www.mije.com\/wp-content\/uploads\/2020\/03\/logo.png","width":450,"height":191,"caption":"MIJE Association"},"image":{"@id":"https:\/\/www.mije.com\/en\/#\/schema\/logo\/image\/"}}]}},"_links":{"self":[{"href":"https:\/\/www.mije.com\/en\/wp-json\/wp\/v2\/pages\/19314","targetHints":{"allow":["GET"]}}],"collection":[{"href":"https:\/\/www.mije.com\/en\/wp-json\/wp\/v2\/pages"}],"about":[{"href":"https:\/\/www.mije.com\/en\/wp-json\/wp\/v2\/types\/page"}],"author":[{"embeddable":true,"href":"https:\/\/www.mije.com\/en\/wp-json\/wp\/v2\/users\/2"}],"replies":[{"embeddable":true,"href":"https:\/\/www.mije.com\/en\/wp-json\/wp\/v2\/comments?post=19314"}],"version-history":[{"count":0,"href":"https:\/\/www.mije.com\/en\/wp-json\/wp\/v2\/pages\/19314\/revisions"}],"wp:featuredmedia":[{"embeddable":true,"href":"https:\/\/www.mije.com\/en\/wp-json\/wp\/v2\/media\/14236"}],"wp:attachment":[{"href":"https:\/\/www.mije.com\/en\/wp-json\/wp\/v2\/media?parent=19314"}],"curies":[{"name":"wp","href":"https:\/\/api.w.org\/{rel}","templated":true}]}}